{"id":462,"date":"2021-02-21T20:09:29","date_gmt":"2021-02-21T19:09:29","guid":{"rendered":"https:\/\/fortea.ddns.net\/wordpress\/?page_id=462"},"modified":"2024-12-13T09:39:48","modified_gmt":"2024-12-13T08:39:48","slug":"horarios","status":"publish","type":"page","link":"https:\/\/deepenglish.ddns.net\/wordpress\/index.php\/horarios\/","title":{"rendered":"Horarios"},"content":{"rendered":"\n<div style=\"height:47px\" aria-hidden=\"true\" class=\"wp-block-spacer\"><\/div>\n\n\n\n<p class=\"has-text-color\" style=\"color:#0b2443;font-size:30px\">NUESTROS CURSOS Y HORARIOS 2024\/25<\/p>\n\n\n\n<div class=\"wp-block-uagb-tabs uagb-block-8b61cb39 uagb-tabs__wrap uagb-tabs__hstyle1-desktop uagb-tabs__vstyle6-tablet uagb-tabs__stack1-mobile\" data-tab-active=\"0\"><ul class=\"uagb-tabs__panel uagb-tabs__align-left\" role=\"tablist\"><li class=\"uagb-tab uagb-tabs__active\" role=\"none\"><a href=\"#uagb-tabs__tab0\" class=\"uagb-tabs-list uagb-tabs__icon-position-left\" data-tab=\"0\" role=\"tab\">CEIP FERN\u00c1NDEZ MORAT\u00cdN<\/a><\/li><li class=\"uagb-tab \" role=\"none\"><a href=\"#uagb-tabs__tab1\" class=\"uagb-tabs-list uagb-tabs__icon-position-left\" data-tab=\"1\" role=\"tab\">IES ORTEGA Y GASSET<\/a><\/li><li class=\"uagb-tab \" role=\"none\"><a href=\"#uagb-tabs__tab2\" class=\"uagb-tabs-list uagb-tabs__icon-position-left\" data-tab=\"2\" role=\"tab\">IES CARDENAL CISNEROS<\/a><\/li><li class=\"uagb-tab \" role=\"none\"><a href=\"#uagb-tabs__tab3\" class=\"uagb-tabs-list uagb-tabs__icon-position-left\" data-tab=\"3\" role=\"tab\">IES GRAN CAPIT\u00c1N<\/a><\/li><\/ul><div class=\"uagb-tabs__body-wrap\">\n<div class=\"wp-block-uagb-tabs-child uagb-tabs__body-container uagb-inner-tab-0\" aria-labelledby=\"uagb-tabs__tab0\">\n<table id=\"tablepress-5\" class=\"tablepress tablepress-id-5\">\n<thead>\n<tr class=\"row-1 odd\">\n\t<th colspan=\"5\" class=\"column-1\">CEIP FERN\u00c1NDEZ MORAT\u00cdN del 01.10.2025 al 31.05.2026<\/th>\n<\/tr>\n<\/thead>\n<tbody class=\"row-hover\">\n<tr class=\"row-2 even\">\n\t<td class=\"column-1\"><strong><font color=\"#0b2443\">HORARIO<\/strong><\/font><\/td><td class=\"column-2\"><strong><font color=\"#0b2443\">LUNES<\/strong><\/font><\/td><td class=\"column-3\"><strong><font color=\"#0b2443\">MARTES<\/strong><\/font><\/td><td class=\"column-4\"><strong><font color=\"#0b2443\">MI\u00c9RCOLES<\/strong><\/font><\/td><td class=\"column-5\"><strong><font color=\"#0b2443\">JUEVES<\/strong><\/font><\/td>\n<\/tr>\n<tr class=\"row-3 odd\">\n\t<td class=\"column-1\"><strong><font color=\"#0b2443\">de 12.30h a 13.20h<\/strong><\/font><\/td><td class=\"column-2\"><\/td><td class=\"column-3\"><strong>PRIMFM-B<\/strong><br><\/td><td class=\"column-4\"><\/td><td class=\"column-5\"><strong>PRIMFM-B<\/strong><br><\/td>\n<\/tr>\n<tr class=\"row-4 even\">\n\t<td class=\"column-1\"><strong><font color=\"#0b2443\">de 13.30h a 14.20h<\/strong><\/font><\/td><td class=\"column-2\"><\/td><td class=\"column-3\"><strong>PRIMFM-A<\/strong><br><\/td><td class=\"column-4\"><\/td><td class=\"column-5\"><strong>PRIMFM-A<\/strong><br><\/td>\n<\/tr>\n<tr class=\"row-5 odd\">\n\t<td class=\"column-1\"><strong><font color=\"#0b2443\">de 16.00h a 16.50h<\/strong><\/font><\/td><td class=\"column-2\"><strong>INFANTIL<\/strong><br><font size=\"2\">(1\u00ba a 3\u00ba infantil)<\/font><\/td><td class=\"column-3\"><strong>PRIMFM-C<\/strong><\/td><td class=\"column-4\"><strong>INFANTIL<\/strong><br><font size=\"2\">(1\u00ba a 3\u00ba infantil)<\/font><\/td><td class=\"column-5\"><strong>PRIMFM-C<\/strong><\/td>\n<\/tr>\n<tr class=\"row-6 even\">\n\t<td colspan=\"5\" class=\"column-1\">Todas las clases son presenciales en las instalaciones del CEIP Fern\u00e1ndez Morat\u00edn.<br> El precio para cada inscripci\u00f3n y curso es: <strong>65\u20ac\/mes m\u00e1s 15\u20ac matr\u00edcula para alumnos\/as que se matriculan por primera vez*<\/strong><br><strong>*10\u20ac\/mes suplemento para alumnos no miembros de la AMPA a partir de noviembre 2025<\/strong><br \/>\n<strong>** AVISO IMPORTANTE:<\/strong> sujeto a cambios dependiendo de la adjudicaci\u00f3n de espacios por parte del centro y n\u00famero de inscripciones por cada curso<\/td>\n<\/tr>\n<\/tbody>\n<\/table>\n<!-- #tablepress-5 from cache -->\n<\/div>\n\n\n\n<div class=\"wp-block-uagb-tabs-child uagb-tabs__body-container uagb-inner-tab-1\" aria-labelledby=\"uagb-tabs__tab1\">\n<table id=\"tablepress-1\" class=\"tablepress tablepress-id-1\">\n<thead>\n<tr class=\"row-1 odd\">\n\t<th colspan=\"5\" class=\"column-1\">IES ORTEGA Y GASSET del 07.10.2025 al 28.05.2026<\/th>\n<\/tr>\n<\/thead>\n<tbody class=\"row-hover\">\n<tr class=\"row-2 even\">\n\t<td class=\"column-1\"><strong><font color=\"#0b2443\">HORARIO<\/strong><\/font><\/td><td class=\"column-2\"><strong><font color=\"#0b2443\">LUNES<\/strong><\/font><\/td><td class=\"column-3\"><strong><font color=\"#0b2443\">MARTES<\/strong><\/font><\/td><td class=\"column-4\"><strong><font color=\"#0b2443\">MI\u00c9RCOLES<\/strong><\/font><\/td><td class=\"column-5\"><strong><font color=\"#0b2443\">JUEVES<\/strong><\/font><\/td>\n<\/tr>\n<tr class=\"row-3 odd\">\n\t<td class=\"column-1\"><strong><font color=\"#0b2443\">de 17.30h a 18.20h<\/strong><\/font><\/td><td class=\"column-2\"><\/td><td class=\"column-3\"><strong>BOG-1<\/strong><br><font size=\"2\">(presencial IES Ortega y Gasset)<\/font><\/td><td class=\"column-4\"><\/td><td class=\"column-5\"><strong>BOG-1<\/strong><br><font size=\"2\">(presencial IES Ortega y Gasset)<\/font><\/td>\n<\/tr>\n<tr class=\"row-4 even\">\n\t<td colspan=\"5\" class=\"column-1\">Precios: 65\u20ac\/mes m\u00e1s 15\u20ac matr\u00edcula para alumnos\/as de 1\u00ba, 2\u00ba y 3\u00ba ESO<br>La matr\u00edcula solo se aplica a alumnos\/as que se matriculan por primera vez en nuestros cursos. <br> (*m\u00ednimo 6 alumnos\/as inscritos\/as para poder abrir curso)<\/td>\n<\/tr>\n<\/tbody>\n<\/table>\n<!-- #tablepress-1 from cache -->\n<\/div>\n\n\n\n<div class=\"wp-block-uagb-tabs-child uagb-tabs__body-container uagb-inner-tab-2\" aria-labelledby=\"uagb-tabs__tab2\">\n<table id=\"tablepress-4\" class=\"tablepress tablepress-id-4\">\n<thead>\n<tr class=\"row-1 odd\">\n\t<th colspan=\"6\" class=\"column-1\">IES CARDENAL CISNEROS (del 3.10.2025 al 29.05.2026)<\/th>\n<\/tr>\n<\/thead>\n<tbody class=\"row-hover\">\n<tr class=\"row-2 even\">\n\t<td class=\"column-1\"><strong><font color=\"#0b2443\">HORARIO<\/strong><\/font><\/td><td class=\"column-2\"><strong><font color=\"#0b2443\">LUNES<\/strong><\/font><\/td><td class=\"column-3\"><strong><font color=\"#0b2443\">MARTES<\/strong><\/font><\/td><td class=\"column-4\"><strong><font color=\"#0b2443\">MI\u00c9RCOLES<\/strong><\/font><\/td><td class=\"column-5\"><strong><font color=\"#0b2443\">JUEVES<\/strong><\/font><\/td><td class=\"column-6\"><strong><font color=\"#0b2443\">VIERNES<\/strong><\/font><\/td>\n<\/tr>\n<tr class=\"row-3 odd\">\n\t<td class=\"column-1\"><strong><font color=\"#0b2443\">de 15.00h a 16.30h<\/strong><\/font><\/td><td class=\"column-2\"><\/td><td class=\"column-3\"><\/td><td class=\"column-4\"><\/td><td class=\"column-5\"><\/td><td class=\"column-6\"><strong>BCC-1<\/strong><br \/>\n<font size=\"2\">Alumnos\/as de ESO<br> (presencial)<\/font><\/td>\n<\/tr>\n<tr class=\"row-4 even\">\n\t<td class=\"column-1\">El precio para cada inscripci\u00f3n y curso es: <strong>65\u20ac\/mes m\u00e1s 15\u20ac matr\u00edcula para alumnos\/as que se matriculan por primera vez*<\/strong><br>(*m\u00ednimo 6 alumnos\/as inscritos\/as para poder abrir curso)<\/td><td class=\"column-2\"><\/td><td class=\"column-3\"><\/td><td class=\"column-4\"><\/td><td class=\"column-5\"><\/td><td class=\"column-6\"><\/td>\n<\/tr>\n<\/tbody>\n<\/table>\n<!-- #tablepress-4 from cache -->\n<\/div>\n\n\n\n<div class=\"wp-block-uagb-tabs-child uagb-tabs__body-container uagb-inner-tab-3\" aria-labelledby=\"uagb-tabs__tab3\">\n<table id=\"tablepress-3\" class=\"tablepress tablepress-id-3\">\n<thead>\n<tr class=\"row-1 odd\">\n\t<th colspan=\"5\" class=\"column-1\">IES GRAN CAPIT\u00c1N <br>(A partir de enero 2025)<\/th>\n<\/tr>\n<\/thead>\n<tbody class=\"row-hover\">\n<tr class=\"row-2 even\">\n\t<td class=\"column-1\"><strong><font color=\"#0b2443\">HORARIO<\/strong><\/font><\/td><td class=\"column-2\"><strong><font color=\"#0b2443\">LUNES<\/strong><\/font><\/td><td class=\"column-3\"><strong><font color=\"#0b2443\">MARTES<\/strong><\/font><\/td><td class=\"column-4\"><strong><font color=\"#0b2443\">MI\u00c9RCOLES<\/strong><\/font><\/td><td class=\"column-5\"><strong><font color=\"#0b2443\">JUEVES<\/strong><\/font><\/td>\n<\/tr>\n<tr class=\"row-3 odd\">\n\t<td class=\"column-1\"><strong><font color=\"#0b2443\">de 17.30h a 18.20h<\/strong><\/font><\/td><td class=\"column-2\"><strong>AGG-1<\/strong><br><br \/>\n<font size=\"2\">(presencial IES Gran Capit\u00e1n)<\/font><br \/>\n<br \/>\n<\/td><td class=\"column-3\"><\/td><td class=\"column-4\"><strong>AGG-1<\/strong><br><br \/>\n<font size=\"2\">(presencial IES Gran Capit\u00e1n)<\/font><br \/>\n<br \/>\n<\/td><td class=\"column-5\"><\/td>\n<\/tr>\n<tr class=\"row-4 even\">\n\t<td colspan=\"5\" class=\"column-1\">Precio de los cursos: <strong>75\u20ac\/mes*<\/strong><\/br><strong>*5\u20ac\/mes descuento para alumnos miembros de la AMPA<\/strong><\/td>\n<\/tr>\n<\/tbody>\n<\/table>\n<!-- #tablepress-3 from cache -->\n<\/div>\n<\/div><\/div>\n","protected":false},"excerpt":{"rendered":"<p>NUESTROS CURSOS Y HORARIOS 2024\/25<\/p>\n","protected":false},"author":1,"featured_media":0,"parent":0,"menu_order":0,"comment_status":"closed","ping_status":"closed","template":"","meta":{"_glsr_average":0,"_glsr_ranking":0,"_glsr_reviews":0,"_uag_custom_page_level_css":""},"uagb_featured_image_src":{"full":false,"thumbnail":false,"medium":false,"medium_large":false,"large":false,"1536x1536":false,"2048x2048":false},"uagb_author_info":{"display_name":"Christian","author_link":"https:\/\/deepenglish.ddns.net\/wordpress\/index.php\/author\/admin\/"},"uagb_comment_info":0,"uagb_excerpt":"NUESTROS CURSOS Y HORARIOS 2024\/25","_links":{"self":[{"href":"https:\/\/deepenglish.ddns.net\/wordpress\/index.php\/wp-json\/wp\/v2\/pages\/462"}],"collection":[{"href":"https:\/\/deepenglish.ddns.net\/wordpress\/index.php\/wp-json\/wp\/v2\/pages"}],"about":[{"href":"https:\/\/deepenglish.ddns.net\/wordpress\/index.php\/wp-json\/wp\/v2\/types\/page"}],"author":[{"embeddable":true,"href":"https:\/\/deepenglish.ddns.net\/wordpress\/index.php\/wp-json\/wp\/v2\/users\/1"}],"replies":[{"embeddable":true,"href":"https:\/\/deepenglish.ddns.net\/wordpress\/index.php\/wp-json\/wp\/v2\/comments?post=462"}],"version-history":[{"count":35,"href":"https:\/\/deepenglish.ddns.net\/wordpress\/index.php\/wp-json\/wp\/v2\/pages\/462\/revisions"}],"predecessor-version":[{"id":1699,"href":"https:\/\/deepenglish.ddns.net\/wordpress\/index.php\/wp-json\/wp\/v2\/pages\/462\/revisions\/1699"}],"wp:attachment":[{"href":"https:\/\/deepenglish.ddns.net\/wordpress\/index.php\/wp-json\/wp\/v2\/media?parent=462"}],"curies":[{"name":"wp","href":"https:\/\/api.w.org\/{rel}","templated":true}]}}